{"id":166,"date":"2018-02-12T11:25:41","date_gmt":"2018-02-12T11:25:41","guid":{"rendered":"http:\/\/evamarcuschamer.wsisites.net\/?page_id=166\/"},"modified":"2022-11-30T20:01:24","modified_gmt":"2022-12-01T03:01:24","slug":"acerca-de-mi","status":"publish","type":"page","link":"https:\/\/www.evamarcuschamer.com\/es\/acerca-de-mi\/","title":{"rendered":"ACERCA DE M\u00cd"},"content":{"rendered":"<p>A los 17 a\u00f1os termin\u00e9 la preparatoria y me fui a estudiar un curso de ingl\u00e9s como segunda lengua a la universidad de Texas en Austin. Paralelamente, particip\u00e9 en un taller sobre educaci\u00f3n Montessori impartido por un alumno de Mar\u00eda Montessori. Durante ese curso, me enter\u00e9 que Cato Hanrath, directora de la Asociaci\u00f3n Montessori Internacional en su cede en Amsterdam, llegaba a M\u00e9xico ofreciendo un curso de preparaci\u00f3n para gu\u00edas de Casa de los Ni\u00f1os.<\/p>\n<p>Desde que recuerdo mi admiraci\u00f3n por los maestros y el estudio me llevar\u00eda a ser una lectora incansable y una amante de los m\u00e9todos y t\u00e9cnicas de estudio. Primero estudi\u00e9 para Maestra de Casa de Ni\u00f1os, de 3 a 6 a\u00f1os y posteriormente para gu\u00eda de Cuarto de Beb\u00e9s de 0 a 3 a\u00f1os. Una vez alcanzados estos grados, hab\u00eda que practicar para comprender el desarrollo emocional e intelectual de los infantes.<\/p>\n<p>Para ello, abr\u00ed un cuarto de beb\u00e9s donde atend\u00ed a 35 ni\u00f1os de 3 meses a 3 a\u00f1os y acompa\u00f1\u00e9 a sus padres a mejorar su relaci\u00f3n con sus hijos. Despu\u00e9s de 3 a\u00f1os de esta pr\u00e1ctica, regres\u00e9 a la universidad a estudiar la Licenciatura de Psicolog\u00eda para llenar las lagunas de conocimiento que se hab\u00edan abierto con la experiencia.<\/p>\n<p>Estudi\u00e9 Psicolog\u00eda, y mientras tanto trabaj\u00e9 en el Centro de Desarrollo de la Comunidad con madres de escasos recursos y en la pr\u00e1ctica privada con parejas que ten\u00edan dificultades de comunicaci\u00f3n con su pareja y con sus hijos. Mientras estudiaba psicolog\u00eda, conoc\u00ed a una la Dra. Kathia Costa reci\u00e9n llegada de la Universidad de Par\u00eds que me acept\u00f3 c\u00f3mo adjunta de su materia de Orientaci\u00f3n Vocacional. As\u00ed mientras trabajaba con padres en su relaci\u00f3n con sus infantes, trabajaba con adolescentes ayud\u00e1ndolos a tomar una decisi\u00f3n ocupacional. Esto me motiv\u00f3 a escribir un libro sobre Orientaci\u00f3n Vocacional en 1997, el primero sobre el tema en M\u00e9xico. Me llevo a profundizar mi aprendizaje sobre la adolescencia, a dar charlas a maestras, hacer programas de radio difundiendo el tema de orientaci\u00f3n vocacional y a guiar padres y adolescentes sobre la dif\u00edcil decisi\u00f3n de elegir carrera. Paralelamente, entr\u00e9 al Centro Eleia a estudiar la maestr\u00eda y el doctorado en Cl\u00ednica Psicoanal\u00edtica.<\/p>\n<p>Durante este periodo escrib\u00ed tres libros m\u00e1s, Orientaci\u00f3n Educativa, Introducci\u00f3n a la Psicolog\u00eda para el sistema UNAM y dos tomos del mismo tema para el sistema SEP.<\/p>\n<p>Terminado el doctorado mi necesidad de aprendizaje me llev\u00f3 a estudiar la especialidad en Psicoan\u00e1lisis en la Asociaci\u00f3n Psicoanal\u00edtica Mexicana, para satisfacer mi deseo de ser parte de la IPA (International Psychoanalytical Association) que fund\u00f3 Freud en 1909.<\/p>\n<p>Durante mi pr\u00e1ctica cl\u00ednica que inici\u00f3 alrededor de 1999 trabaj\u00e9 con padres, con ni\u00f1os, con adolescentes y adultos. Ofrec\u00ed charlas en Costa Rica, El Salvador, Guatemala, Panam\u00e1, y por supuesto, en casi todas las capitales importantes de la Rep\u00fablica Mexicana con el deseo de llevar a estos lugares la necesidad de ayudar a los j\u00f3venes a elegir, por ser esta una tarea social tan importante. Despu\u00e9s de todo, est\u00e1 en manos de los j\u00f3venes el futuro de las comunidades.<\/p>\n<p>En la actualidad, adem\u00e1s de ser parte del Centro de Psicoan\u00e1lisis de San Francisco, de la Asociaci\u00f3n Psicol\u00f3gica Americana y de la Asociaci\u00f3n Psicoanal\u00edtica Americana, me encuentro escribiendo un libro sobre las relaciones de pareja y trabajando en la cl\u00ednica privada con padres, adolescentes y adultos.<\/p>\n<p>Despu\u00e9s de trabajar con madres e hijos durante 40 a\u00f1os, como consejera vocacional durante 30 y como psicoanalista durante m\u00e1s de 20, me mud\u00e9 a San Francisco para comenzar un nuevo proyecto de terapia de parejas, madres e hijos, familias e individuos que buscan tener mejores relaciones con sus seres queridos.<br \/>\nTengo inter\u00e9s y experiencia en trabajar con pacientes con dolor y enfermedades cr\u00f3nicas. Tambi\u00e9n con personas que se acercan al final de la vida.<\/p>\n","protected":false},"excerpt":{"rendered":"<p>A los 17 a\u00f1os termin\u00e9 la preparatoria y me fui a estudiar un curso de ingl\u00e9s como segunda lengua a la universidad de Texas en Austin. Paralelamente, particip\u00e9 en un taller sobre educaci\u00f3n Montessori impartido por un alumno de Mar\u00eda Montessori. Durante ese curso, me enter\u00e9 que Cato Hanrath, directora de la Asociaci\u00f3n Montessori Internacional [&hellip;]<\/p>\n","protected":false},"author":1,"featured_media":0,"parent":0,"menu_order":0,"comment_status":"closed","ping_status":"closed","template":"inside-template.php","meta":{"_acf_changed":false,"_glsr_average":0,"_glsr_ranking":0,"_glsr_reviews":0,"footnotes":""},"categories":[],"tags":[],"class_list":{"0":"post-166","1":"page","2":"type-page","3":"status-publish","5":"entry"},"acf":[],"_links":{"self":[{"href":"https:\/\/www.evamarcuschamer.com\/es\/wp-json\/wp\/v2\/pages\/166","targetHints":{"allow":["GET"]}}],"collection":[{"href":"https:\/\/www.evamarcuschamer.com\/es\/wp-json\/wp\/v2\/pages"}],"about":[{"href":"https:\/\/www.evamarcuschamer.com\/es\/wp-json\/wp\/v2\/types\/page"}],"author":[{"embeddable":true,"href":"https:\/\/www.evamarcuschamer.com\/es\/wp-json\/wp\/v2\/users\/1"}],"replies":[{"embeddable":true,"href":"https:\/\/www.evamarcuschamer.com\/es\/wp-json\/wp\/v2\/comments?post=166"}],"version-history":[{"count":8,"href":"https:\/\/www.evamarcuschamer.com\/es\/wp-json\/wp\/v2\/pages\/166\/revisions"}],"predecessor-version":[{"id":770,"href":"https:\/\/www.evamarcuschamer.com\/es\/wp-json\/wp\/v2\/pages\/166\/revisions\/770"}],"wp:attachment":[{"href":"https:\/\/www.evamarcuschamer.com\/es\/wp-json\/wp\/v2\/media?parent=166"}],"wp:term":[{"taxonomy":"category","embeddable":true,"href":"https:\/\/www.evamarcuschamer.com\/es\/wp-json\/wp\/v2\/categories?post=166"},{"taxonomy":"post_tag","embeddable":true,"href":"https:\/\/www.evamarcuschamer.com\/es\/wp-json\/wp\/v2\/tags?post=166"}],"curies":[{"name":"wp","href":"https:\/\/api.w.org\/{rel}","templated":true}]}}